{"id":59,"date":"2013-05-28T22:48:45","date_gmt":"2013-05-28T20:48:45","guid":{"rendered":"http:\/\/www.dagpalm.se\/?page_id=59"},"modified":"2022-07-24T16:32:51","modified_gmt":"2022-07-24T15:32:51","slug":"dag","status":"publish","type":"page","link":"https:\/\/www.dagpalm.se\/?page_id=59","title":{"rendered":"Spelningar"},"content":{"rendered":"\n<h4 class=\"wp-block-heading\">2022<\/h4>\n\n\n\n<h4 class=\"wp-block-heading\"><span class=\"has-inline-color has-luminous-vivid-orange-color\">9\/4 Vallentuna Teater<br>      <a href=\"https:\/\/www.upplevvallentuna.se\/sv\/310731\/ROCK-THE-NIGHT-med-Allkoren\/\">&#8221;Rock the night&#8221; (Inhopp som basist)<\/a><\/span><\/h4>\n\n\n\n<h4 class=\"wp-block-heading\"><span class=\"has-inline-color has-luminous-vivid-orange-color\">23\/4 Folkets Hus, Kallh\u00e4ll<\/span> <br>        <span class=\"has-inline-color has-luminous-vivid-orange-color\"><a href=\"http:\/\/www.folketshuskallhall.se\/#\/movie\/3385\">&#8221;L\u00e5tar i april&#8221; &#8211; Dag Palm och ett par gitarrer<\/a><\/span><\/h4>\n\n\n\n<h4 class=\"wp-block-heading\"><span class=\"has-inline-color has-luminous-vivid-orange-color\">1\/5 Vasaparken, Jakobsberg<br>      1:a maj-firande &#8211; Socialdemokraterna<\/span><\/h4>\n\n\n\n<h4 class=\"wp-block-heading\"><span class=\"has-inline-color has-luminous-vivid-orange-color\">24\/6 Bruket, J\u00e4rf\u00e4lla<br>         Midsommarfirande<\/span><\/h4>\n\n\n\n<h4 class=\"wp-block-heading\"><span class=\"has-inline-color has-luminous-vivid-orange-color\">20\/7 Kristinehovs Malmg\u00e5rd<br>        &#8221;Splitternya visor&#8221; &#8211; Dag Palm, Pierre Str\u00f6m och Lolita Ray<\/span><\/h4>\n\n\n\n<h4 class=\"wp-block-heading\"><span class=\"has-inline-color has-luminous-vivid-orange-color\">7\/8 &#8221;Visor f\u00f6r Fred&#8221; &#8211; Vintervikens tr\u00e4dg\u00e5rd<\/span><\/h4>\n\n\n\n<h4 class=\"wp-block-heading\"><span class=\"has-inline-color has-luminous-vivid-orange-color\">3\/11 Kanalg\u00e5rden, Sandviken<\/span> <span class=\"has-inline-color has-luminous-vivid-orange-color\">&#8211; Dag Palm Trio<\/span><br><br><br><\/h4>\n\n\n\n<h4 class=\"wp-block-heading\">2021<\/h4>\n\n\n\n<h4 class=\"wp-block-heading\"><span class=\"has-inline-color has-luminous-vivid-orange-color\">24\/5 Jakobsbergs folkh\u00f6gskola<\/span><\/h4>\n\n\n\n<h4 class=\"wp-block-heading\"><span class=\"has-inline-color has-luminous-vivid-orange-color\">28\/8<\/span> <span class=\"has-inline-color has-luminous-vivid-orange-color\">&#8221;Lugnets Visf\u00e4st&#8221;, \u00c4lvkarleby<\/span><\/h4>\n\n\n\n<p><\/p>\n\n\n\n<h4 class=\"wp-block-heading\">2020<\/h4>\n\n\n\n<h4 class=\"wp-block-heading\"><span style=\"color: #ff6600;\">23\/2 Ulvs\u00e4ttra g\u00e5rd, Kallh\u00e4ll<\/span><\/h4>\n\n\n\n<h4 class=\"wp-block-heading\"><span style=\"color: #ff6600;\">6\/8 Viksj\u00f6 golfklubb<\/span><\/h4>\n\n\n\n<h4 class=\"wp-block-heading\"><span style=\"color: #ff6600;\">17\/10 &#8221;Kulturkrock&#8221;<br>Med Johan Westre p\u00e5 Pygm\u00e9teatern, Stockholm<\/span><\/h4>\n\n\n\n<h4 class=\"wp-block-heading\"> <span style=\"color: #ff6600;\">14\/1<\/span><span class=\"has-inline-color has-luminous-vivid-orange-color\">1<\/span> <span class=\"has-inline-color has-luminous-vivid-orange-color\">&#8221;Kultursekten&#8221;, H\u00f6gdalen<\/span><\/h4>\n\n\n\n<p><\/p>\n\n\n\n<h4 class=\"wp-block-heading\">2019<\/h4>\n\n\n\n<h4 class=\"wp-block-heading\"><span style=\"color: #ff6600;\">24\/1 <em>&#8221;Visa vs Punk&#8221;<\/em> tillsammans med &#8221;K\u00f6ttgrottorna&#8221;,&nbsp; Riddar Jakob, Jakobsberg<\/span><\/h4>\n\n\n\n<h4 class=\"wp-block-heading\"><a href=\"https:\/\/www.ulvsattrabgf.se\/kalendarium.html\"><span style=\"color: #ff6600;\">24\/2 Musikcaf\u00e9, Ulvs\u00e4ttra g\u00e5rd, Kallh\u00e4ll<\/span><\/a><\/h4>\n\n\n\n<h4 class=\"wp-block-heading\"><span style=\"color: #ff6600;\">26\/2 Internt gig, J\u00e4rf\u00e4lla<\/span><\/h4>\n\n\n\n<h4 class=\"wp-block-heading\"><span style=\"color: #ff6600;\">18\/5 Internt gig, J\u00e4rf\u00e4lla<\/span><\/h4>\n\n\n\n<h4 class=\"wp-block-heading\"><span style=\"color: #ff6600;\">7\/7 Stockholms visfestival, Kungstr\u00e4dg\u00e5rden<\/span><\/h4>\n\n\n\n<h4 class=\"wp-block-heading\"><span style=\"color: #ff6600;\"><strong>11\/9<\/strong> Scalateatern, Stockholm<\/span><\/h4>\n\n\n\n<h4 class=\"wp-block-heading\"><span style=\"color: #ff6600;\">17\/10 Hyllan, Jakobsbergs bibliotek<\/span><\/h4>\n\n\n\n<h4 class=\"wp-block-heading\"><span style=\"color: #ff6600;\">7\/11<em>&#8221;Visa vs Punk 2.0&#8221;<\/em> tillsammans med &#8221;K\u00f6ttgrottorna&#8221;,<br>Riddar Jakob, Jakobsberg<\/span><\/h4>\n\n\n\n<h4 class=\"wp-block-heading\">&nbsp;<\/h4>\n\n\n\n<h4 class=\"wp-block-heading\">2018<\/h4>\n\n\n\n<h4 class=\"wp-block-heading\"><span style=\"color: #ff6600;\">13\/1 Invigning av nya Folkets Hus i Kallh\u00e4ll<\/span><\/h4>\n\n\n\n<h4 class=\"wp-block-heading\"><span style=\"color: #ff6600;\">1\/5 Riddarparken, Jakobsberg. 1:a maj-firande<\/span><\/h4>\n\n\n\n<h4 class=\"wp-block-heading\"><span style=\"color: #ff6600;\">9\/5 Kanalkyrkan, Sandviken<\/span><\/h4>\n\n\n\n<h4 class=\"wp-block-heading\"><span style=\"color: #ff6600;\">4\/7 Sommarmusik i L\u00e5ssa Kyrka<\/span><br><span style=\"color: #ff6600;\">(Kompmusiker till Kristina Bennet Westre)<\/span><\/h4>\n\n\n\n<h4 class=\"wp-block-heading\"><span style=\"color: #ff6600;\">25\/8 Releasekonsert p\u00e5 Teater Pero<\/span><\/h4>\n\n\n\n<h4 class=\"wp-block-heading\"><span style=\"color: #ff6600;\">20\/10 Musikmeditation i Sabbatsbergs kyrka<\/span><\/h4>\n\n\n\n<h4 class=\"wp-block-heading\"><span style=\"color: #ff6600;\">8\/12 Kallh\u00e4lls Folkets Hus<\/span><\/h4>\n\n\n\n<h4 class=\"wp-block-heading\">&nbsp;<\/h4>\n\n\n\n<h4 class=\"wp-block-heading\">2017<\/h4>\n\n\n\n<h4 class=\"wp-block-heading\"><span style=\"color: #ff6600;\">18\/3 St\u00f6dkonsert f\u00f6r Teater Bristol i Sundbyberg,<br><\/span><span style=\"color: #ff6600;\">&#8221;Samling vid pumpen&#8221;<\/span><span style=\"color: #ff6600;\">&nbsp;<\/span><\/h4>\n\n\n\n<h4 class=\"wp-block-heading\"><span style=\"color: #ff6600;\">1\/5 Riddarparken, Jakobsberg<\/span><\/h4>\n\n\n\n<h4 class=\"wp-block-heading\"><span style=\"color: #ff6600;\">5\/5 Izzy Young&#8217;s Folklore Centrum, Stockholm<\/span><\/h4>\n\n\n\n<h4 class=\"wp-block-heading\"><span style=\"color: #ff6600;\">7\/6 Skeppar Karls salong, Stockholm <\/span><span style=\"color: #ff6600;\">med Johan Westre och<br><\/span><span style=\"color: #ff6600;\">Maja Viola Palm<\/span><\/h4>\n\n\n\n<h4 class=\"wp-block-heading\"><a href=\"http:\/\/www.sommarpakvarnbacken.se\" target=\"_blank\" rel=\"noopener noreferrer\"><span style=\"color: #ff6600;\">11\/6 Kvarnbacken, Jakobsberg<\/span><\/a><\/h4>\n\n\n\n<h4 class=\"wp-block-heading\"><span style=\"color: #ff6600;\">15\/7 Tran\u00f8y Kirke, Senja, Norge<\/span><\/h4>\n\n\n\n<h4 class=\"wp-block-heading\"><span style=\"color: #ff6600;\">19\/10&nbsp;Izzy Young&#8217;s Folklore Centrum, Stockholm<\/span><\/h4>\n\n\n\n<h4 class=\"wp-block-heading\">2016<\/h4>\n\n\n\n<h4 class=\"wp-block-heading\"><span style=\"color: #ff6600;\">20\/5&nbsp;Ulvs\u00e4ttra Loge, Kallh\u00e4ll<br><\/span><em style=\"color: #ff6600; font-size: 1.28571rem;\">&#8221;Dag Palm\/Alex Gerdt och n\u00e5gra gitarrer&#8221;<\/em><\/h4>\n\n\n\n<h4 class=\"wp-block-heading\"><span style=\"color: #ff6600;\">8\/6&nbsp;Kaf\u00e9 Klaver, Stockholm<br><\/span><em><span style=\"color: #ff6600;\">&#8221;Dag Palm\/Alex Gerdt och n\u00e5gra gitarrer&#8221;<\/span><\/em><\/h4>\n\n\n\n<h4 class=\"wp-block-heading\"><span style=\"color: #ff6600;\">22\/6 Kvarnbacken, Jakobsberg<\/span><\/h4>\n\n\n\n<h4 class=\"wp-block-heading\"><a href=\"http:\/\/festival.getapoesiochvisa.nu\/?page_id=1279\"><span style=\"color: #ff6600;\">10\/7&nbsp;Geta, \u00c5land<\/span><\/a><\/h4>\n\n\n\n<h4 class=\"wp-block-heading\"><span style=\"color: #ff6600;\">10\/8&nbsp;Kvarnbacken, Jakobsberg<br><\/span><em><span style=\"color: #ff6600;\">&#8221;Dag Palm\/Alex Gerdt och n\u00e5gra gitarrer&#8221;<\/span><\/em><\/h4>\n\n\n\n<h4 class=\"wp-block-heading\"><span style=\"color: #ff6600;\">23\/11 Kanalkyrkan, Sandviken&nbsp;<\/span><\/h4>\n\n\n\n<h4 class=\"wp-block-heading\"><span style=\"color: #ff6600;\">15\/12&nbsp;Stockholms studentk\u00e5r, Gl\u00f6ggmingel med politiker<\/span><\/h4>\n\n\n\n<h3 class=\"wp-block-heading\">&nbsp;<\/h3>\n\n\n\n<h2 class=\"wp-block-heading\">&nbsp;<\/h2>\n\n\n\n<h2 class=\"wp-block-heading\">&nbsp;<\/h2>\n\n\n\n<h2 class=\"wp-block-heading\">&nbsp;<\/h2>\n\n\n\n<h2 class=\"wp-block-heading\">&nbsp;<\/h2>\n\n\n\n<h2 class=\"wp-block-heading\">&nbsp;<\/h2>\n\n\n\n<h2 class=\"wp-block-heading\">&nbsp;<\/h2>\n<p><\/p>","protected":false},"excerpt":{"rendered":"<p>2022 9\/4 Vallentuna Teater &#8221;Rock the night&#8221; (Inhopp som basist) 23\/4 Folkets Hus, Kallh\u00e4ll &#8221;L\u00e5tar i april&#8221; &#8211; Dag Palm och ett par gitarrer 1\/5 Vasaparken, Jakobsberg 1:a maj-firande &#8211; Socialdemokraterna 24\/6 Bruket, J\u00e4rf\u00e4lla Midsommarfirande 20\/7 Kristinehovs Malmg\u00e5rd &#8221;Splitternya visor&#8221;&hellip; <\/p>\n","protected":false},"author":1,"featured_media":0,"parent":0,"menu_order":6,"comment_status":"closed","ping_status":"closed","template":"","meta":{"footnotes":""},"_links":{"self":[{"href":"https:\/\/www.dagpalm.se\/index.php?rest_route=\/wp\/v2\/pages\/59"}],"collection":[{"href":"https:\/\/www.dagpalm.se\/index.php?rest_route=\/wp\/v2\/pages"}],"about":[{"href":"https:\/\/www.dagpalm.se\/index.php?rest_route=\/wp\/v2\/types\/page"}],"author":[{"embeddable":true,"href":"https:\/\/www.dagpalm.se\/index.php?rest_route=\/wp\/v2\/users\/1"}],"replies":[{"embeddable":true,"href":"https:\/\/www.dagpalm.se\/index.php?rest_route=%2Fwp%2Fv2%2Fcomments&post=59"}],"version-history":[{"count":119,"href":"https:\/\/www.dagpalm.se\/index.php?rest_route=\/wp\/v2\/pages\/59\/revisions"}],"predecessor-version":[{"id":954,"href":"https:\/\/www.dagpalm.se\/index.php?rest_route=\/wp\/v2\/pages\/59\/revisions\/954"}],"wp:attachment":[{"href":"https:\/\/www.dagpalm.se\/index.php?rest_route=%2Fwp%2Fv2%2Fmedia&parent=59"}],"curies":[{"name":"wp","href":"https:\/\/api.w.org\/{rel}","templated":true}]}}