{"id":536,"date":"2015-01-06T22:33:38","date_gmt":"2015-01-06T21:33:38","guid":{"rendered":"http:\/\/www.dagpalm.se\/?page_id=536"},"modified":"2015-01-06T22:40:58","modified_gmt":"2015-01-06T21:40:58","slug":"en-fin-altan","status":"publish","type":"page","link":"https:\/\/www.dagpalm.se\/?page_id=536","title":{"rendered":"En fin altan"},"content":{"rendered":"<p>De dansade en sommarnatt<br \/>\nf\u00f6r l\u00e4nge, l\u00e4nge sen<br \/>\nMed pudelh\u00e5r, axelvadd,<br \/>\n<em>Chris de Burgh<\/em> och <em>Wham<br \/>\n<\/em>\u201d<em>I \u2019m never gonna dance again<\/em>\u201d,<br \/>\n<span style=\"line-height: 1.714285714; font-size: 1rem;\">sa han n\u00e4r hon bj\u00f6d upp igen<br \/>\n<\/span>Jag f\u00f6ljer hellre med dig hem<\/p>\n<p>De gifte sig en regnig dag<br \/>\nseptember \u2013 91<br \/>\nIfall du fixar k\u00f6ket<br \/>\n<span style=\"line-height: 1.714285714; font-size: 1rem;\">kan jag h\u00e4nga lite tv\u00e4tt<br \/>\n<\/span>Andra ungen var p\u00e5 g\u00e5ng<br \/>\n<span style=\"line-height: 1.714285714; font-size: 1rem;\">2 rum o k\u00f6k och en balkong<br \/>\n<\/span>T\u00e4nk, en villa norr om stan<br \/>\nd\u00e4r jag kan bygga en altan<br \/>\nEn fin altan<\/p>\n<p>S\u00e5 blev det villak\u00f6p<br \/>\ni v\u00e4stra Jakobsberg<br \/>\nDu f\u00e5r ta k\u00f6ket, ungarna, tv\u00e4tten sj\u00e4lv<br \/>\nHon f\u00f6rs\u00f6kte h\u00e5lla f\u00e4rg<\/p>\n<p>Jag m\u00e5ste jobba \u00f6ver<br \/>\nDet ger pengar vi beh\u00f6ver<br \/>\nOch de beh\u00f6ver mig-<br \/>\n-Jag g\u00e5r nu!<br \/>\nPuss och hej, jag \u00e4lskar dig<br \/>\nJag \u00e4lskar dig!<\/p>\n<p>Han st\u00e5r d\u00e4r helt f\u00f6rvirrad<br \/>\nsom en fr\u00e4mling i sitt k\u00f6k<br \/>\nHittar ingenting i sk\u00e5pen<br \/>\n<span style=\"line-height: 1.714285714; font-size: 1rem;\">Han kan inte steka l\u00f6k<br \/>\n<\/span>Gl\u00f6mmer grabbens 5-\u00e5rsdag<br \/>\n<span style=\"line-height: 1.714285714; font-size: 1rem;\">P\u00e5 jobbet g\u00e5r det v\u00e4ldigt bra<br \/>\n<\/span>I morgon ska jag, tamejfan<br \/>\n<span style=\"line-height: 1.714285714; font-size: 1rem;\">b\u00f6rja bygga p\u00e5 mitt livs altan<br \/>\n<\/span>Mitt livs altan<\/p>\n<p>Han bek\u00e4mpar sin familjekris<br \/>\nHan g\u00f6r det p\u00e5 sitt eget vis<br \/>\nHan bygger sin familj en fin altan.<br \/>\nHan \u00e4r r\u00e4dd att de ska flytta<br \/>\ns\u00e5 nu g\u00f6r han lite nytta<br \/>\nN\u00e4r han satsar p\u00e5 altanen i sitt liv<\/p>\n<p>Han har m\u00e4tt och han har s\u00e5gat<br \/>\n<span style=\"line-height: 1.714285714; font-size: 1rem;\">upp sitt virke.<br \/>\n<\/span>Han har v\u00e5gat<br \/>\nsatsa allt p\u00e5 sin altan<br \/>\nHela gr\u00e4nden h\u00e5ller andan<br \/>\nn\u00e4r han jobbar p\u00e5 verandan<br \/>\nN\u00e4r han bygger p\u00e5 altanen i sitt liv<\/p>\n<p>Han \u00e4r stj\u00e4rna i en s\u00e4llsam fars<br \/>\np\u00e5 v\u00e4g emot familjekrasch<br \/>\nHan bygger p\u00e5 altanen i sitt liv<br \/>\nHan spikar som han gick p\u00e5 knark<br \/>\n<span style=\"line-height: 1.714285714; font-size: 1rem;\">p\u00e5 v\u00e4g emot sin hj\u00e4rtinfarkt<br \/>\n<\/span>Han g\u00f6r en fin altan<br \/>\nEn fin altan<br \/>\nEn fin altan<\/p>\n<p><\/p>","protected":false},"excerpt":{"rendered":"<p>De dansade en sommarnatt f\u00f6r l\u00e4nge, l\u00e4nge sen Med pudelh\u00e5r, axelvadd, Chris de Burgh och Wham \u201dI \u2019m never gonna dance again\u201d, sa han n\u00e4r hon bj\u00f6d upp igen Jag f\u00f6ljer hellre med dig hem De gifte sig en regnig&hellip; <\/p>\n","protected":false},"author":1,"featured_media":0,"parent":0,"menu_order":0,"comment_status":"closed","ping_status":"closed","template":"","meta":{"footnotes":""},"_links":{"self":[{"href":"https:\/\/www.dagpalm.se\/index.php?rest_route=\/wp\/v2\/pages\/536"}],"collection":[{"href":"https:\/\/www.dagpalm.se\/index.php?rest_route=\/wp\/v2\/pages"}],"about":[{"href":"https:\/\/www.dagpalm.se\/index.php?rest_route=\/wp\/v2\/types\/page"}],"author":[{"embeddable":true,"href":"https:\/\/www.dagpalm.se\/index.php?rest_route=\/wp\/v2\/users\/1"}],"replies":[{"embeddable":true,"href":"https:\/\/www.dagpalm.se\/index.php?rest_route=%2Fwp%2Fv2%2Fcomments&post=536"}],"version-history":[{"count":2,"href":"https:\/\/www.dagpalm.se\/index.php?rest_route=\/wp\/v2\/pages\/536\/revisions"}],"predecessor-version":[{"id":543,"href":"https:\/\/www.dagpalm.se\/index.php?rest_route=\/wp\/v2\/pages\/536\/revisions\/543"}],"wp:attachment":[{"href":"https:\/\/www.dagpalm.se\/index.php?rest_route=%2Fwp%2Fv2%2Fmedia&parent=536"}],"curies":[{"name":"wp","href":"https:\/\/api.w.org\/{rel}","templated":true}]}}