{"id":533,"date":"2015-01-06T22:22:57","date_gmt":"2015-01-06T21:22:57","guid":{"rendered":"http:\/\/www.dagpalm.se\/?page_id=533"},"modified":"2015-01-06T22:22:57","modified_gmt":"2015-01-06T21:22:57","slug":"i-sommarns-sista-dar","status":"publish","type":"page","link":"https:\/\/www.dagpalm.se\/?page_id=533","title":{"rendered":"I sommarns sista dar"},"content":{"rendered":"<p>Fredag kv\u00e4ll, september<br \/>\nEtt centrum norr om stan<br \/>\nInfrav\u00e4rmen h\u00e5ller sommarn kvar<br \/>\n<span style=\"line-height: 1.714285714; font-size: 1rem;\">p\u00e5 La Gondolas altan<br \/>\n<\/span>Mobilerna ringer, trivsel och vin<br \/>\nTv\u00e5 mammor med nya m\u00e4n<br \/>\nNya planer, nya liv och barnen som cyklar<br \/>\n<span style=\"line-height: 1.714285714; font-size: 1rem;\">lite h\u00e5gl\u00f6st omkring<br \/>\n<\/span>-Har du tr\u00e5kigt?<br \/>\n\u00c5k hem till pappa en sv\u00e4ng<br \/>\nMen bara en stund, du har match i morgon<br \/>\nOch beh\u00f6ver komma i s\u00e4ng<\/p>\n<p>Men i kv\u00e4ll vill pappa vara lite f\u00f6r sig sj\u00e4lv<br \/>\nHan har valt sitt sorgsnaste soundtrack<br \/>\nOch han dricker sin Laphroaig<br \/>\nHan har ju sina fr\u00e5gor utan svar<br \/>\nEn fredag kv\u00e4ll i sommarns sista dar<\/p>\n<p>Natten stj\u00e4rnklar \u00e4n en g\u00e5ng<br \/>\n<span style=\"line-height: 1.714285714; font-size: 1rem;\">Ett halv\u00e5r till april<br \/>\n<\/span>Man tar ett steg, ett andetag<br \/>\n<span style=\"line-height: 1.714285714; font-size: 1rem;\">Och sen ett steg till<br \/>\n<\/span>-Men hej, vad kul att du tittar in<br \/>\nDet finns glass i frysen och Fantan \u00e4r din<br \/>\nJas\u00e5 m\u00e5ste du redan g\u00e5?<br \/>\nMen vi ses om n\u00e5gra dar \u00e4nd\u00e5<br \/>\nOch det \u00e4r mycket han vill s\u00e4ga som inte kan bli sagt<br \/>\nMen du f\u00e5r hans finaste tankar<br \/>\n<span style=\"line-height: 1.714285714; font-size: 1rem;\">som n\u00e5n slags \u00e4nglavakt<\/span><\/p>\n<p>Och i kv\u00e4ll vill pappa vara lite f\u00f6r sig sj\u00e4lv<br \/>\nEn kv\u00e4ll f\u00f6r sorgsna soundtracks<br \/>\n<span style=\"line-height: 1.714285714; font-size: 1rem;\">F\u00f6r fr\u00e5gor utan svar<br \/>\n<\/span>Hur var det det blev och hur ska det bli?<br \/>\nEn fredag kv\u00e4ll n\u00e4r sommarn \u00e4r f\u00f6rbi<\/p>\n<p>Minns du n\u00e4r vi var p\u00e5 Zakynthos<br \/>\n<span style=\"line-height: 1.714285714; font-size: 1rem;\">och du l\u00e4rde dig att simma<br \/>\n<\/span>Ja, du klarar n\u00e4stan vad som helst<br \/>\n<span style=\"line-height: 1.714285714; font-size: 1rem;\">Jag har sj\u00e4lv f\u00f6rs\u00f6kt snart ett \u00e5r<br \/>\n<\/span>Du har n\u00e5gra virriga ton\u00e5r framf\u00f6r dig<br \/>\nMen jag ska g\u00e5 med strax bredvid<br \/>\nOch jag ska aldrig kalla honom<br \/>\n<em style=\"line-height: 1.714285714; font-size: 1rem;\">\u201dden d\u00e4r j\u00e4veln\u201d<\/em><span style=\"line-height: 1.714285714; font-size: 1rem;\"> en g\u00e5ng till<br \/>\n<\/span>Jag kan b\u00e4ttre \u00e4n s\u00e5<br \/>\nGe mig bara lite tid<\/p>\n<p>Och i kv\u00e4ll vill pappa vara lite f\u00f6r sig sj\u00e4lv<br \/>\nEn stund med sina tankar<br \/>\n<span style=\"line-height: 1.714285714; font-size: 1rem;\">innan allting b\u00f6rjar om<br \/>\n<\/span>-G\u00e5 nu och l\u00e4gg dig, lille far<br \/>\nEn fredag kv\u00e4ll i sommarns sista dar<\/p>\n<p><\/p>","protected":false},"excerpt":{"rendered":"<p>Fredag kv\u00e4ll, september Ett centrum norr om stan Infrav\u00e4rmen h\u00e5ller sommarn kvar p\u00e5 La Gondolas altan Mobilerna ringer, trivsel och vin Tv\u00e5 mammor med nya m\u00e4n Nya planer, nya liv och barnen som cyklar lite h\u00e5gl\u00f6st omkring -Har du tr\u00e5kigt?&hellip; <\/p>\n","protected":false},"author":1,"featured_media":0,"parent":0,"menu_order":0,"comment_status":"closed","ping_status":"closed","template":"","meta":{"footnotes":""},"_links":{"self":[{"href":"https:\/\/www.dagpalm.se\/index.php?rest_route=\/wp\/v2\/pages\/533"}],"collection":[{"href":"https:\/\/www.dagpalm.se\/index.php?rest_route=\/wp\/v2\/pages"}],"about":[{"href":"https:\/\/www.dagpalm.se\/index.php?rest_route=\/wp\/v2\/types\/page"}],"author":[{"embeddable":true,"href":"https:\/\/www.dagpalm.se\/index.php?rest_route=\/wp\/v2\/users\/1"}],"replies":[{"embeddable":true,"href":"https:\/\/www.dagpalm.se\/index.php?rest_route=%2Fwp%2Fv2%2Fcomments&post=533"}],"version-history":[{"count":1,"href":"https:\/\/www.dagpalm.se\/index.php?rest_route=\/wp\/v2\/pages\/533\/revisions"}],"predecessor-version":[{"id":534,"href":"https:\/\/www.dagpalm.se\/index.php?rest_route=\/wp\/v2\/pages\/533\/revisions\/534"}],"wp:attachment":[{"href":"https:\/\/www.dagpalm.se\/index.php?rest_route=%2Fwp%2Fv2%2Fmedia&parent=533"}],"curies":[{"name":"wp","href":"https:\/\/api.w.org\/{rel}","templated":true}]}}