{"id":523,"date":"2015-01-06T17:32:40","date_gmt":"2015-01-06T15:32:40","guid":{"rendered":"http:\/\/www.dagpalm.se\/?page_id=523"},"modified":"2015-01-06T17:32:40","modified_gmt":"2015-01-06T15:32:40","slug":"inte-sa-illa-som-du-tror","status":"publish","type":"page","link":"https:\/\/www.dagpalm.se\/?page_id=523","title":{"rendered":"Inte s\u00e5 illa som du tror"},"content":{"rendered":"<p>Jag s\u00e5g en gammal v\u00e4n jag inte sett p\u00e5 flera \u00e5r<br \/>\nHan \u00e4ltade sin sorg, var helt besatt av sina s\u00e5r<br \/>\nJag lovade att aldrig l\u00e5ta ledan ta bef\u00e4l<br \/>\nL\u00e5t bitterheten fara<br \/>\nDen ska aldrig f\u00e5 min sj\u00e4l<\/p>\n<p>1:a maj f\u00f6ll regnet men jag gav mig ut \u00e4nd\u00e5<br \/>\nFanorna var bleka och visionerna var f\u00e5<br \/>\nI ledet fanns en tystnad som jag aldrig k\u00e4nt f\u00f6rut<br \/>\nMen jag ska bli en av de sista som s\u00e4ger: Allt \u00e4r slut.<\/p>\n<p>Visst \u00e4r det sv\u00e5rt ibland det kan va\u2019 v\u00e4l s\u00e5 kallt<br \/>\nMan f\u00e5r sig sina t\u00f6rnar men man reser sig trots allt<br \/>\nS\u00e5 h\u00e4mta jackan och ta p\u00e5 dig dina skor<br \/>\nDet kanske inte l\u00e4ngre \u00e4r s\u00e5 illa som du tror<\/p>\n<p>N\u00e4r kartan inte g\u00e4ller<br \/>\nN\u00e4r kompassen har f\u00e5tt spel<br \/>\nN\u00e4r allting g\u00e5r \u00e5t helvete och sagan slutar fel<br \/>\nN\u00e4r det stora svarta h\u00e5let \u00e4r det enda som man ser<br \/>\nD\u00e5 vill jag \u00e4nd\u00e5 tro att man kan g\u00f6ra n\u00e5got mer<\/p>\n<p>Jag vet en plats dit telefonen inte n\u00e5r<br \/>\nD\u00e4r dimmorna stiger och d\u00e4r stillheten r\u00e5r<br \/>\nD\u00e4r kan du b\u00f6rja om p\u00e5 nytt<br \/>\nD\u00e4r kan du bli dig sj\u00e4lv<br \/>\nS\u00e5 f\u00f6lj med mig upp till skogarna<br \/>\nVi reser nu i kv\u00e4ll<\/p>\n<p>Visst \u00e4r det sv\u00e5rt ibland\u2026<\/p>\n<p><\/p>","protected":false},"excerpt":{"rendered":"<p>Jag s\u00e5g en gammal v\u00e4n jag inte sett p\u00e5 flera \u00e5r Han \u00e4ltade sin sorg, var helt besatt av sina s\u00e5r Jag lovade att aldrig l\u00e5ta ledan ta bef\u00e4l L\u00e5t bitterheten fara Den ska aldrig f\u00e5 min sj\u00e4l 1:a maj&hellip; <\/p>\n","protected":false},"author":1,"featured_media":0,"parent":0,"menu_order":0,"comment_status":"closed","ping_status":"closed","template":"","meta":{"footnotes":""},"_links":{"self":[{"href":"https:\/\/www.dagpalm.se\/index.php?rest_route=\/wp\/v2\/pages\/523"}],"collection":[{"href":"https:\/\/www.dagpalm.se\/index.php?rest_route=\/wp\/v2\/pages"}],"about":[{"href":"https:\/\/www.dagpalm.se\/index.php?rest_route=\/wp\/v2\/types\/page"}],"author":[{"embeddable":true,"href":"https:\/\/www.dagpalm.se\/index.php?rest_route=\/wp\/v2\/users\/1"}],"replies":[{"embeddable":true,"href":"https:\/\/www.dagpalm.se\/index.php?rest_route=%2Fwp%2Fv2%2Fcomments&post=523"}],"version-history":[{"count":1,"href":"https:\/\/www.dagpalm.se\/index.php?rest_route=\/wp\/v2\/pages\/523\/revisions"}],"predecessor-version":[{"id":524,"href":"https:\/\/www.dagpalm.se\/index.php?rest_route=\/wp\/v2\/pages\/523\/revisions\/524"}],"wp:attachment":[{"href":"https:\/\/www.dagpalm.se\/index.php?rest_route=%2Fwp%2Fv2%2Fmedia&parent=523"}],"curies":[{"name":"wp","href":"https:\/\/api.w.org\/{rel}","templated":true}]}}