{"id":520,"date":"2015-01-06T12:42:59","date_gmt":"2015-01-06T10:42:59","guid":{"rendered":"http:\/\/www.dagpalm.se\/?page_id=520"},"modified":"2015-01-06T12:42:59","modified_gmt":"2015-01-06T10:42:59","slug":"morkret","status":"publish","type":"page","link":"https:\/\/www.dagpalm.se\/?page_id=520","title":{"rendered":"M\u00f6rkret"},"content":{"rendered":"<p>En vanlig dag i livet<br \/>\nn\u00e4r ingen \u00e4r beredd<br \/>\nkan det h\u00e4nda att v\u00e4rlden sk\u00e4lver till<br \/>\nOch man vaknar upp<br \/>\nf\u00f6rpassad till en iskall verklighet<br \/>\nTa mig tillbaks<br \/>\nDet \u00e4r det enda man vill<\/p>\n<p>Ja, man kan leva i exil<br \/>\noch \u00e4nd\u00e5 i samma v\u00e4rld som f\u00f6rr<br \/>\nJag vet att \u00e4ven \u00e4nglarna<br \/>\n<span style=\"line-height: 1.714285714; font-size: 1rem;\">h\u00f6ll andan denna h\u00f6st<br \/>\n<\/span>N\u00e4r m\u00f6rkret fanns<br \/>\nutanf\u00f6r v\u00e5r egen d\u00f6rr<\/p>\n<p>Det fanns en annan tid<br \/>\nn\u00e4r vi var os\u00e5rbara du och jag<br \/>\nDet onda var en ilning genom gr\u00e4set<br \/>\n<span style=\"line-height: 1.714285714; font-size: 1rem;\">inget mer<br \/>\n<\/span>I morgon blir det s\u00e4kert bra<br \/>\nMen du som haver barnen k\u00e4r<br \/>\nS\u00e4g, vakar du \u00e4nnu \u00f6ver oss<br \/>\nDet k\u00e4nns som om du tiger<br \/>\neller om jag inte h\u00f6r<br \/>\nDet \u00e4r m\u00f6rkret som k\u00e4nns<\/p>\n<p>Man kan st\u00e4nga faran ute<br \/>\nja, s\u00e5 gott det bara g\u00e5r<br \/>\nMan kan regla om sin lilla, lilla v\u00e4rld<br \/>\nMan kan sitta i ett v\u00e4ntrum<br \/>\ni en v\u00e4ntan p\u00e5 vadd\u00e5<br \/>\nMan kan famla efter koden<br \/>\nifall det finns n\u00e5t att f\u00f6rst\u00e5<\/p>\n<p>Jag gick till en kyrka och t\u00e4nde ett ljus<br \/>\nf\u00f6r att skingra skuggorna som drar kring v\u00e5ra hus<br \/>\nP\u00e5 v\u00e4gen hem s\u00e5 k\u00f6pte jag en australisk Chardonnay<br \/>\noch lite annat gott till dig och mig<\/p>\n<p>En vanlig dag i livet<br \/>\nN\u00e4r ingen \u00e4r beredd<br \/>\nKan det h\u00e4nda att v\u00e4rlden sk\u00e4lver till<\/p>\n<p><\/p>","protected":false},"excerpt":{"rendered":"<p>En vanlig dag i livet n\u00e4r ingen \u00e4r beredd kan det h\u00e4nda att v\u00e4rlden sk\u00e4lver till Och man vaknar upp f\u00f6rpassad till en iskall verklighet Ta mig tillbaks Det \u00e4r det enda man vill Ja, man kan leva i exil&hellip; <\/p>\n","protected":false},"author":1,"featured_media":0,"parent":0,"menu_order":0,"comment_status":"closed","ping_status":"closed","template":"","meta":{"footnotes":""},"_links":{"self":[{"href":"https:\/\/www.dagpalm.se\/index.php?rest_route=\/wp\/v2\/pages\/520"}],"collection":[{"href":"https:\/\/www.dagpalm.se\/index.php?rest_route=\/wp\/v2\/pages"}],"about":[{"href":"https:\/\/www.dagpalm.se\/index.php?rest_route=\/wp\/v2\/types\/page"}],"author":[{"embeddable":true,"href":"https:\/\/www.dagpalm.se\/index.php?rest_route=\/wp\/v2\/users\/1"}],"replies":[{"embeddable":true,"href":"https:\/\/www.dagpalm.se\/index.php?rest_route=%2Fwp%2Fv2%2Fcomments&post=520"}],"version-history":[{"count":1,"href":"https:\/\/www.dagpalm.se\/index.php?rest_route=\/wp\/v2\/pages\/520\/revisions"}],"predecessor-version":[{"id":521,"href":"https:\/\/www.dagpalm.se\/index.php?rest_route=\/wp\/v2\/pages\/520\/revisions\/521"}],"wp:attachment":[{"href":"https:\/\/www.dagpalm.se\/index.php?rest_route=%2Fwp%2Fv2%2Fmedia&parent=520"}],"curies":[{"name":"wp","href":"https:\/\/api.w.org\/{rel}","templated":true}]}}