{"id":504,"date":"2015-01-05T16:13:50","date_gmt":"2015-01-05T14:13:50","guid":{"rendered":"http:\/\/www.dagpalm.se\/?page_id=504"},"modified":"2015-01-05T16:13:59","modified_gmt":"2015-01-05T14:13:59","slug":"roger-och-camilla","status":"publish","type":"page","link":"https:\/\/www.dagpalm.se\/?page_id=504","title":{"rendered":"Roger och Camilla"},"content":{"rendered":"<p>En del de s\u00e4ger: <em>Vilket j\u00e4vla v\u00e4der!<br \/>\n<\/em>Andra tycker allting \u00e4r s\u00e5 tungt<br \/>\nEn del de fl\u00e4nger runt som om det g\u00e4llde liv och d\u00f6d<br \/>\nist\u00e4llet f\u00f6r att ta det lite lugnt<br \/>\nEn del de g\u00e5r och g\u00e5r rakt in i v\u00e4ggen<br \/>\nist\u00e4llet f\u00f6r att g\u00e5 i terapi<br \/>\nVanligt folk som Roger och Camilla<br \/>\nde drar till Ullared och k\u00f6per sig ett liv<br \/>\nDe drar till Ullared och k\u00f6per sig ett liv<\/p>\n<p>En del de g\u00e5r i kyrkan andra h\u00e4nger i mosk\u00e9n<br \/>\nEn och annan spelar bort sig sj\u00e4lv p\u00e5 trav<br \/>\nEn del har ingen sj\u00e4lvdistans och tar f\u00f6r mycket plats<br \/>\nEn del har dr\u00f6mmar men ingenting blir av<br \/>\nMan kan ju inte \u00e4lska alla m\u00e4nniskor<br \/>\nOch vilka ska man bjuda p\u00e5 sin fest<br \/>\nVanligt folk som Roger och Camilla<br \/>\nde gillar bara folk fr\u00e5n nord och v\u00e4st<br \/>\nJa, de gillar bara folk fr\u00e5n nord och v\u00e4st<\/p>\n<p>Vanligt folk<br \/>\nVanligt folk<br \/>\nDe finns \u00f6verallt<br \/>\nVanligt folk<\/p>\n<p>Jag \u00e4r v\u00e4l lite \u00e4ngslig f\u00f6r konflikter<br \/>\nMan har sitt svenska medelklassman\u00e9r<br \/>\nF\u00f6rs\u00f6ker \u00e4nd\u00e5 reda ut det mesta<br \/>\n\u201dOch h\u00e5rda ord det g\u00f6r problemen fler och fler\u201d<br \/>\nJag vet att de gr\u00e4lar och gr\u00e5ter<br \/>\nhemma hos Angelica och Mats<br \/>\nMen hos vanligt folk som Roger och Camilla<br \/>\nd\u00e4r f\u00e5r man sp\u00f6 ifall man inte vet sin plats<br \/>\nD\u00e4r f\u00e5r man sp\u00f6 ifall man inte vet sin plats<\/p>\n<p>Vanligt folk\u2026<\/p>\n<p>Man \u00e4r v\u00e4l inte b\u00e4ttre \u00e4n n\u00e5n annan<br \/>\nDet \u00e4r mycket som man b\u00f6r men inte g\u00f6r<br \/>\nMan har v\u00e4l ganska fullt upp med sitt eget<br \/>\noch gl\u00f6mmer det som finns d\u00e4rutanf\u00f6r<br \/>\nMen ikv\u00e4ll ska jag st\u00e4lla ut en lykta<br \/>\nf\u00f6r n\u00e5n som irrar runt i ensamhet<br \/>\nMen vanligt folk som Roger och Camilla<br \/>\nde har ledsnat p\u00e5 solidaritet<br \/>\nJa, de har ledsnat p\u00e5 solidaritet<\/p>\n<p>Vanligt folk\u2026<\/p>\n<p><\/p>","protected":false},"excerpt":{"rendered":"<p>En del de s\u00e4ger: Vilket j\u00e4vla v\u00e4der! Andra tycker allting \u00e4r s\u00e5 tungt En del de fl\u00e4nger runt som om det g\u00e4llde liv och d\u00f6d ist\u00e4llet f\u00f6r att ta det lite lugnt En del de g\u00e5r och g\u00e5r rakt in&hellip; <\/p>\n","protected":false},"author":1,"featured_media":0,"parent":0,"menu_order":0,"comment_status":"closed","ping_status":"closed","template":"","meta":{"footnotes":""},"_links":{"self":[{"href":"https:\/\/www.dagpalm.se\/index.php?rest_route=\/wp\/v2\/pages\/504"}],"collection":[{"href":"https:\/\/www.dagpalm.se\/index.php?rest_route=\/wp\/v2\/pages"}],"about":[{"href":"https:\/\/www.dagpalm.se\/index.php?rest_route=\/wp\/v2\/types\/page"}],"author":[{"embeddable":true,"href":"https:\/\/www.dagpalm.se\/index.php?rest_route=\/wp\/v2\/users\/1"}],"replies":[{"embeddable":true,"href":"https:\/\/www.dagpalm.se\/index.php?rest_route=%2Fwp%2Fv2%2Fcomments&post=504"}],"version-history":[{"count":2,"href":"https:\/\/www.dagpalm.se\/index.php?rest_route=\/wp\/v2\/pages\/504\/revisions"}],"predecessor-version":[{"id":506,"href":"https:\/\/www.dagpalm.se\/index.php?rest_route=\/wp\/v2\/pages\/504\/revisions\/506"}],"wp:attachment":[{"href":"https:\/\/www.dagpalm.se\/index.php?rest_route=%2Fwp%2Fv2%2Fmedia&parent=504"}],"curies":[{"name":"wp","href":"https:\/\/api.w.org\/{rel}","templated":true}]}}